{"id":763,"date":"2024-12-28T15:35:53","date_gmt":"2024-12-28T14:35:53","guid":{"rendered":"https:\/\/uelsen-nachhaltig.de\/wordpress\/?page_id=763"},"modified":"2025-02-19T22:10:35","modified_gmt":"2025-02-19T21:10:35","slug":"fazit-2","status":"publish","type":"page","link":"https:\/\/uelsen-nachhaltig.de\/wordpress\/projekte\/fazit-2\/","title":{"rendered":"Fazit"},"content":{"rendered":"\n<div class=\"wp-block-uagb-container uagb-block-5044b203 alignfull uagb-is-root-container\"><div class=\"uagb-container-inner-blocks-wrap\">\n<div class=\"wp-block-uagb-advanced-heading uagb-block-67d88bf3\"><h4 class=\"uagb-heading-text\">FAZIT<\/h4><\/div>\n<\/div><\/div>\n\n\n\n<div class=\"wp-block-uagb-container uagb-block-f0d0baa2 alignfull uagb-is-root-container\"><div class=\"uagb-container-inner-blocks-wrap\">\n<div class=\"wp-block-uagb-advanced-heading uagb-block-94a8260a\"><h2 class=\"uagb-heading-text\">Gemeinn\u00fctziger Einsatz bringt was! Es lohnt sich. F\u00fcr andere und f\u00fcr einem selbst!<\/h2><\/div>\n<\/div><\/div>\n\n\n\n<div class=\"wp-block-uagb-image uagb-block-8081938e wp-block-uagb-image--layout-default wp-block-uagb-image--effect-static wp-block-uagb-image--align-none\"><figure class=\"wp-block-uagb-image__figure\"><img loading=\"lazy\" decoding=\"async\" srcset=\"https:\/\/uelsen-nachhaltig.de\/wordpress\/wp-content\/uploads\/2024\/09\/fazit_09-14-2024_01.webp ,https:\/\/uelsen-nachhaltig.de\/wordpress\/wp-content\/uploads\/2024\/09\/fazit_09-14-2024_01.webp 780w, https:\/\/uelsen-nachhaltig.de\/wordpress\/wp-content\/uploads\/2024\/09\/fazit_09-14-2024_01.webp 360w\" sizes=\"auto, (max-width: 480px) 150px\" src=\"https:\/\/uelsen-nachhaltig.de\/wordpress\/wp-content\/uploads\/2024\/09\/fazit_09-14-2024_01.webp\" alt=\"\" class=\"uag-image-1620\" width=\"417\" height=\"235\" title=\"fazit_09-14-2024_01\" role=\"img\"\/><\/figure><\/div>\n\n\n\n<div class=\"wp-block-uagb-advanced-heading uagb-block-35af4bef\"><p class=\"uagb-desc-text\">Es gibt viele verschiedene M\u00f6glichkeiten, nachhaltig sinnvolles zu f\u00f6rdern. Was wir hier vor Ort angegangen sind, wird auf den vorigen Seiten erkl\u00e4rt. Schauen wir auf die Ergebnisse, so sind da zun\u00e4chst die vielf\u00e4ltigen <strong>Kontakte<\/strong>, die einfach so bei der &#8218;Arbeit&#8216; entstehen, meist ein Gewinn auf beiden Seiten. Und da ist die Genugtuung, dass wieder und wieder Dinge verwendet werden (ergibt <strong>Ressourcenschonung<\/strong>). Und da sind die immaterielle <strong>Werte wie Begabungen und Wissen<\/strong>. Auch diese wollen eingesetzt werden und nicht einfach &#8218;brach&#8216; liegen. Ist ja sch\u00f6ner, f\u00fcr einem selbst und f\u00fcr andere!<br><br>Ein handfester &#8218;Nebeneffekt&#8216; ist der <strong>Ertrag<\/strong>, der sich in Euro ausdr\u00fccken l\u00e4sst. Wir erhielten diese als Gegenleistung f\u00fcr vergebene Waren oder Leistungen. Da alle Dienste ehrenamtlich erfolgen, k\u00f6nnen die Ertr\u00e4ge voll dem Vereinszweck zugute kommen. Dieser ist dreigliederig &#8230;<\/p><\/div>\n\n\n\n<div class=\"wp-block-uagb-container uagb-block-9e32b85f alignfull uagb-is-root-container\"><div class=\"uagb-container-inner-blocks-wrap\">\n<div class=\"wp-block-uagb-container uagb-block-2b558142\">\n<figure class=\"wp-block-image alignright size-full is-resized\"><img loading=\"lazy\" decoding=\"async\" width=\"2460\" height=\"2376\" src=\"https:\/\/uelsen-nachhaltig.de\/wordpress\/wp-content\/uploads\/2025\/01\/Spenden-je-1-Drittel.jpg\" alt=\"\" class=\"wp-image-3134\" style=\"width:405px;height:auto\" srcset=\"https:\/\/uelsen-nachhaltig.de\/wordpress\/wp-content\/uploads\/2025\/01\/Spenden-je-1-Drittel.jpg 2460w, https:\/\/uelsen-nachhaltig.de\/wordpress\/wp-content\/uploads\/2025\/01\/Spenden-je-1-Drittel-300x290.jpg 300w, https:\/\/uelsen-nachhaltig.de\/wordpress\/wp-content\/uploads\/2025\/01\/Spenden-je-1-Drittel-1024x989.jpg 1024w, https:\/\/uelsen-nachhaltig.de\/wordpress\/wp-content\/uploads\/2025\/01\/Spenden-je-1-Drittel-768x742.jpg 768w, https:\/\/uelsen-nachhaltig.de\/wordpress\/wp-content\/uploads\/2025\/01\/Spenden-je-1-Drittel-1536x1484.jpg 1536w, https:\/\/uelsen-nachhaltig.de\/wordpress\/wp-content\/uploads\/2025\/01\/Spenden-je-1-Drittel-2048x1978.jpg 2048w\" sizes=\"auto, (max-width: 2460px) 100vw, 2460px\" \/><\/figure>\n<\/div>\n\n\n\n<div class=\"wp-block-uagb-container uagb-block-35e7429f\">\n<div class=\"wp-block-uagb-advanced-heading uagb-block-93e6b66e\"><h4 class=\"uagb-heading-text\"><a href=\"https:\/\/uelsen-nachhaltig.de\/wordpress\/projekte\/fazit-2\/nothilfe-einsatzunterstuetzungen\/\" data-type=\"page\" data-id=\"3030\">Mehr<\/a> zum Ausgabenressort 1: <mark style=\"background-color:#f79164\" class=\"has-inline-color has-ast-global-color-1-color\"><a href=\"https:\/\/uelsen-nachhaltig.de\/wordpress\/projekte\/fazit-2\/nothilfe-einsatzunterstuetzungen\/\" data-type=\"page\" data-id=\"3030\">NOTHILFE<\/a><\/mark><br><\/h4><\/div>\n\n\n\n<div class=\"wp-block-uagb-advanced-heading uagb-block-baa30403\"><h4 class=\"uagb-heading-text\"><a href=\"https:\/\/uelsen-nachhaltig.de\/wordpress\/projekte\/fazit-2\/bildungs-und-aufklaerungsarbeit-ressort-2\/\" data-type=\"page\" data-id=\"3036\">Mehr<\/a> zum Ausgabenressort 2: <mark style=\"background-color:#80e0d3\" class=\"has-inline-color\"><a href=\"https:\/\/uelsen-nachhaltig.de\/wordpress\/projekte\/fazit-2\/bildungs-und-aufklaerungsarbeit-ressort-2\/\" data-type=\"page\" data-id=\"3036\">BILDUNG\/AUFKL\u00c4RUNG<\/a><\/mark><br><\/h4><\/div>\n\n\n\n<div class=\"wp-block-uagb-advanced-heading uagb-block-ecf726bc\"><h4 class=\"uagb-heading-text\"><a href=\"https:\/\/uelsen-nachhaltig.de\/wordpress\/initiativarbeit-vor-ort\/\" data-type=\"page\" data-id=\"3182\">Mehr<\/a> zum Ausgabenressort 3: <a href=\"https:\/\/uelsen-nachhaltig.de\/wordpress\/initiativarbeit-vor-ort\/\" data-type=\"page\" data-id=\"3182\"><mark style=\"background-color:#627c98\" class=\"has-inline-color has-ast-global-color-5-color\">PROJEKTARBEIT VOR ORT<\/mark><\/a><\/h4><\/div>\n<\/div>\n<\/div><\/div>\n\n\n\n<div class=\"wp-block-uagb-advanced-heading uagb-block-cf9ffca3\"><h4 class=\"uagb-heading-text\">Konkret bedeutete dies in Zahlen ausgedr\u00fcckt durch die . .<\/h4><\/div>\n\n\n\n<div class=\"wp-block-uagb-image uagb-block-52f44845 wp-block-uagb-image--layout-default wp-block-uagb-image--effect-static wp-block-uagb-image--align-none\"><figure class=\"wp-block-uagb-image__figure\"><img decoding=\"async\" srcset=\"https:\/\/uelsen-nachhaltig.de\/wordpress\/wp-content\/uploads\/2025\/02\/Jahres-Ergebnis-m-Bild-3-1024x586.jpg ,https:\/\/uelsen-nachhaltig.de\/wordpress\/wp-content\/uploads\/2025\/02\/Jahres-Ergebnis-m-Bild-3.jpg 780w, https:\/\/uelsen-nachhaltig.de\/wordpress\/wp-content\/uploads\/2025\/02\/Jahres-Ergebnis-m-Bild-3.jpg 360w\" sizes=\"auto, (max-width: 480px) 150px\" src=\"https:\/\/uelsen-nachhaltig.de\/wordpress\/wp-content\/uploads\/2025\/02\/Jahres-Ergebnis-m-Bild-3-1024x586.jpg\" alt=\"\" class=\"uag-image-3257\" width=\"1784\" height=\"968\" title=\"Jahres-Ergebnis m Bild\" loading=\"lazy\" role=\"img\"\/><\/figure><\/div>\n\n\n\n<div class=\"wp-block-uagb-advanced-heading uagb-block-dce09bc4\"><h4 class=\"uagb-heading-text\">D A N K E   allen Beteiligten!!!<br><\/h4><p class=\"uagb-desc-text\">Die Summe von 4.260 Euro kam zusammen durch: <strong>Warenverkauf<\/strong> (2.704,- \u20ac), <strong>Dienstleistungen <\/strong>(1.096,- \u20ac), <strong>Leihgeb\u00fchren<\/strong> (146,80 \u20ac) und <strong>Spenden<\/strong> (313,20 \u20ac)<br><br>Die Gelder werden nach jedem Halbjahr verteilt bzw. weitergeleitet.<br><\/p><\/div>\n\n\n\n<div class=\"wp-block-uagb-advanced-heading uagb-block-938fe5cc\"><h6 class=\"uagb-heading-text\">In den vorhergehenden Jahren wurden diese Spendenergebnisse erzielt:<\/h6><\/div>\n\n\n\n<div class=\"wp-block-uagb-image uagb-block-73c9611c wp-block-uagb-image--layout-default wp-block-uagb-image--effect-static wp-block-uagb-image--align-none\"><figure class=\"wp-block-uagb-image__figure\"><img decoding=\"async\" srcset=\"https:\/\/uelsen-nachhaltig.de\/wordpress\/wp-content\/uploads\/2025\/02\/Spendenergebn-21-22-23-1024x577.jpg ,https:\/\/uelsen-nachhaltig.de\/wordpress\/wp-content\/uploads\/2025\/02\/Spendenergebn-21-22-23.jpg 780w, https:\/\/uelsen-nachhaltig.de\/wordpress\/wp-content\/uploads\/2025\/02\/Spendenergebn-21-22-23.jpg 360w\" sizes=\"auto, (max-width: 480px) 150px\" src=\"https:\/\/uelsen-nachhaltig.de\/wordpress\/wp-content\/uploads\/2025\/02\/Spendenergebn-21-22-23-1024x577.jpg\" alt=\"\" class=\"uag-image-3279\" width=\"563\" height=\"317\" title=\"Spendenergebn 21 22 23\" loading=\"lazy\" role=\"img\"\/><\/figure><\/div>\n\n\n\n<p><\/p>\n","protected":false},"excerpt":{"rendered":"<p>FAZIT Gemeinn\u00fctziger Einsatz bringt was! Es lohnt sich. F\u00fcr andere und f\u00fcr einem selbst! Es gibt viele verschiedene M\u00f6glichkeiten, nachhaltig [&hellip;]<\/p>\n","protected":false},"author":1,"featured_media":0,"parent":272,"menu_order":7,"comment_status":"closed","ping_status":"closed","template":"","meta":{"_uag_custom_page_level_css":"","site-sidebar-layout":"default","site-content-layout":"","ast-site-content-layout":"","site-content-style":"default","site-sidebar-style":"default","ast-global-header-display":"","ast-banner-title-visibility":"","ast-main-header-display":"","ast-hfb-above-header-display":"","ast-hfb-below-header-display":"","ast-hfb-mobile-header-display":"","site-post-title":"disabled","ast-breadcrumbs-content":"","ast-featured-img":"","footer-sml-layout":"","theme-transparent-header-meta":"","adv-header-id-meta":"","stick-header-meta":"","header-above-stick-meta":"","header-main-stick-meta":"","header-below-stick-meta":"","astra-migrate-meta-layouts":"default","ast-page-background-enabled":"default","ast-page-background-meta":{"desktop":{"background-color":"var(--ast-global-color-4)","background-image":"","background-repeat":"repeat","background-position":"center center","background-size":"auto","background-attachment":"scroll","background-type":"","background-media":"","overlay-type":"","overlay-color":"","overlay-opacity":"","overlay-gradient":""},"tablet":{"background-color":"","background-image":"","background-repeat":"repeat","background-position":"center center","background-size":"auto","background-attachment":"scroll","background-type":"","background-media":"","overlay-type":"","overlay-color":"","overlay-opacity":"","overlay-gradient":""},"mobile":{"background-color":"","background-image":"","background-repeat":"repeat","background-position":"center center","background-size":"auto","background-attachment":"scroll","background-type":"","background-media":"","overlay-type":"","overlay-color":"","overlay-opacity":"","overlay-gradient":""}},"ast-content-background-meta":{"desktop":{"background-color":"var(--ast-global-color-5)","background-image":"","background-repeat":"repeat","background-position":"center center","background-size":"auto","background-attachment":"scroll","background-type":"","background-media":"","overlay-type":"","overlay-color":"","overlay-opacity":"","overlay-gradient":""},"tablet":{"background-color":"var(--ast-global-color-5)","background-image":"","background-repeat":"repeat","background-position":"center center","background-size":"auto","background-attachment":"scroll","background-type":"","background-media":"","overlay-type":"","overlay-color":"","overlay-opacity":"","overlay-gradient":""},"mobile":{"background-color":"var(--ast-global-color-5)","background-image":"","background-repeat":"repeat","background-position":"center center","background-size":"auto","background-attachment":"scroll","background-type":"","background-media":"","overlay-type":"","overlay-color":"","overlay-opacity":"","overlay-gradient":""}},"iawp_total_views":110,"footnotes":""},"class_list":["post-763","page","type-page","status-publish","hentry"],"uagb_featured_image_src":{"full":false,"thumbnail":false,"medium":false,"medium_large":false,"large":false,"1536x1536":false,"2048x2048":false},"uagb_author_info":{"display_name":"hermannmarkert","author_link":"https:\/\/uelsen-nachhaltig.de\/wordpress\/author\/hermannmarkert\/"},"uagb_comment_info":0,"uagb_excerpt":"FAZIT Gemeinn\u00fctziger Einsatz bringt was! Es lohnt sich. F\u00fcr andere und f\u00fcr einem selbst! Es gibt viele verschiedene M\u00f6glichkeiten, nachhaltig [&hellip;]","_links":{"self":[{"href":"https:\/\/uelsen-nachhaltig.de\/wordpress\/wp-json\/wp\/v2\/pages\/763","targetHints":{"allow":["GET"]}}],"collection":[{"href":"https:\/\/uelsen-nachhaltig.de\/wordpress\/wp-json\/wp\/v2\/pages"}],"about":[{"href":"https:\/\/uelsen-nachhaltig.de\/wordpress\/wp-json\/wp\/v2\/types\/page"}],"author":[{"embeddable":true,"href":"https:\/\/uelsen-nachhaltig.de\/wordpress\/wp-json\/wp\/v2\/users\/1"}],"replies":[{"embeddable":true,"href":"https:\/\/uelsen-nachhaltig.de\/wordpress\/wp-json\/wp\/v2\/comments?post=763"}],"version-history":[{"count":9,"href":"https:\/\/uelsen-nachhaltig.de\/wordpress\/wp-json\/wp\/v2\/pages\/763\/revisions"}],"predecessor-version":[{"id":3281,"href":"https:\/\/uelsen-nachhaltig.de\/wordpress\/wp-json\/wp\/v2\/pages\/763\/revisions\/3281"}],"up":[{"embeddable":true,"href":"https:\/\/uelsen-nachhaltig.de\/wordpress\/wp-json\/wp\/v2\/pages\/272"}],"wp:attachment":[{"href":"https:\/\/uelsen-nachhaltig.de\/wordpress\/wp-json\/wp\/v2\/media?parent=763"}],"curies":[{"name":"wp","href":"https:\/\/api.w.org\/{rel}","templated":true}]}}