{"id":3036,"date":"2025-01-01T22:13:37","date_gmt":"2025-01-01T21:13:37","guid":{"rendered":"https:\/\/uelsen-nachhaltig.de\/wordpress\/?page_id=3036"},"modified":"2025-03-25T08:10:59","modified_gmt":"2025-03-25T07:10:59","slug":"bildungs-und-aufklaerungsarbeit-ressort-2","status":"publish","type":"page","link":"https:\/\/uelsen-nachhaltig.de\/wordpress\/projekte\/fazit-2\/bildungs-und-aufklaerungsarbeit-ressort-2\/","title":{"rendered":"Bildungs und Aufkl\u00e4rungsarbeit"},"content":{"rendered":"\n<div class=\"wp-block-uagb-container uagb-block-a2e03804 alignfull uagb-is-root-container\"><div class=\"uagb-container-inner-blocks-wrap\">\n<div class=\"wp-block-uagb-container uagb-block-6274695b alignfull uagb-is-root-container\"><div class=\"uagb-container-inner-blocks-wrap\">\n<div class=\"wp-block-uagb-advanced-heading uagb-block-962c984a\"><h1 class=\"uagb-heading-text\">Bildungs- und Aufkl\u00e4rungsarbeit <\/h1><\/div>\n\n\n\n<div class=\"wp-block-uagb-advanced-heading uagb-block-ca3294c6\"><h4 class=\"uagb-heading-text\"># Ausgabenressort 2 # <\/h4><\/div>\n\n\n\n<div class=\"wp-block-uagb-advanced-heading uagb-block-c7038491\"><h4 class=\"uagb-heading-text\">Ver\u00e4nderung zum guten nachhaltigen Leben und Lebensstil f\u00e4ngt in den K\u00f6pfen an. Sie ist n\u00f6tiger denn je.<\/h4><\/div>\n\n\n\n<div class=\"wp-block-uagb-container uagb-block-a9fce681 alignfull uagb-is-root-container\"><div class=\"uagb-container-inner-blocks-wrap\">\n<div class=\"wp-block-uagb-container uagb-block-fef8ea2b\">\n<div class=\"wp-block-uagb-image uagb-block-352b2855 wp-block-uagb-image--layout-default wp-block-uagb-image--effect-static wp-block-uagb-image--align-none\"><figure class=\"wp-block-uagb-image__figure\"><img decoding=\"async\" srcset=\"https:\/\/uelsen-nachhaltig.de\/wordpress\/wp-content\/uploads\/2025\/01\/ertrinken-an-Fuelle-verdursten-an-Leere-1.jpg ,https:\/\/uelsen-nachhaltig.de\/wordpress\/wp-content\/uploads\/2025\/01\/ertrinken-an-Fuelle-verdursten-an-Leere-1.jpg 780w, https:\/\/uelsen-nachhaltig.de\/wordpress\/wp-content\/uploads\/2025\/01\/ertrinken-an-Fuelle-verdursten-an-Leere-1.jpg 360w\" sizes=\"auto, (max-width: 480px) 150px\" src=\"https:\/\/uelsen-nachhaltig.de\/wordpress\/wp-content\/uploads\/2025\/01\/ertrinken-an-Fuelle-verdursten-an-Leere-1.jpg\" alt=\"\" class=\"uag-image-3038\" width=\"315\" height=\"362\" title=\"ertrinken an F\u00fclle - verdursten an Leere\" loading=\"lazy\" role=\"img\"\/><\/figure><\/div>\n<\/div>\n\n\n\n<div class=\"wp-block-uagb-container uagb-block-59d679b8\">\n<div class=\"wp-block-uagb-advanced-heading uagb-block-a5650ba4\"><h6 class=\"uagb-heading-text\">&#8222;Das Volk verdirbt aus Mangel an Erkenntnis.&#8220;    (Weisheit der Bibel)<\/h6><\/div>\n<\/div>\n\n\n\n<div class=\"wp-block-uagb-container uagb-block-e05eb1e6\">\n<div class=\"wp-block-uagb-image uagb-block-9c32acd6 wp-block-uagb-image--layout-default wp-block-uagb-image--effect-static wp-block-uagb-image--align-none\"><figure class=\"wp-block-uagb-image__figure\"><img decoding=\"async\" srcset=\"https:\/\/uelsen-nachhaltig.de\/wordpress\/wp-content\/uploads\/2025\/01\/20210811_190331-1024x681.jpg ,https:\/\/uelsen-nachhaltig.de\/wordpress\/wp-content\/uploads\/2025\/01\/20210811_190331.jpg 780w, https:\/\/uelsen-nachhaltig.de\/wordpress\/wp-content\/uploads\/2025\/01\/20210811_190331.jpg 360w\" sizes=\"auto, (max-width: 480px) 150px\" src=\"https:\/\/uelsen-nachhaltig.de\/wordpress\/wp-content\/uploads\/2025\/01\/20210811_190331-1024x681.jpg\" alt=\"\" class=\"uag-image-3039\" width=\"275\" height=\"183\" title=\"20210811_190331\" loading=\"lazy\" role=\"img\"\/><\/figure><\/div>\n<\/div>\n<\/div><\/div>\n\n\n\n<div class=\"wp-block-uagb-container uagb-block-37609993 alignfull uagb-is-root-container\"><div class=\"uagb-container-inner-blocks-wrap\">\n<div class=\"wp-block-uagb-advanced-heading uagb-block-e8b33011\"><h3 class=\"uagb-heading-text\"><br>Was wir vor Ort umsetzen (m\u00f6chten):<\/h3><\/div>\n\n\n\n<div class=\"wp-block-uagb-advanced-heading uagb-block-5761fed5\"><h4 class=\"uagb-heading-text\">&#8211; Literatur- und Medienbereitstellung [Einrichtung Biblio-\/Mediathek]<br>&#8211; Lesef\u00f6rderung auf verschiedenen Ebenen<br>&#8211; Foren und Workshops zu Alltagsthemen mit Nachhaltigkeitseffekt &#8211; <a href=\"https:\/\/uelsen-nachhaltig.de\/wordpress\/aha\/forum\/\" data-type=\"page\" data-id=\"2757\">mehr<\/a><br>&#8211; Kulturangebote erm\u00f6glichen (z.B. Referenten einladen), Ausstellungen, Vortr\u00e4ge<br>&#8211; Unterst\u00fctzung dienlicher Anbieter \/ Einrichtungen (s.u.)<br><\/h4><\/div>\n<\/div><\/div>\n<\/div><\/div>\n<\/div><\/div>\n\n\n\n<p><\/p>\n\n\n\n<div class=\"wp-block-uagb-container uagb-block-6defbe82 alignfull uagb-is-root-container\"><div class=\"uagb-container-inner-blocks-wrap\">\n<div class=\"wp-block-uagb-container uagb-block-76329c99\">\n<div class=\"wp-block-uagb-image uagb-block-053a9711 wp-block-uagb-image--layout-default wp-block-uagb-image--effect-static wp-block-uagb-image--align-none\"><figure class=\"wp-block-uagb-image__figure\"><img decoding=\"async\" srcset=\"https:\/\/uelsen-nachhaltig.de\/wordpress\/wp-content\/uploads\/2025\/01\/ERF.jpg ,https:\/\/uelsen-nachhaltig.de\/wordpress\/wp-content\/uploads\/2025\/01\/ERF.jpg 780w, https:\/\/uelsen-nachhaltig.de\/wordpress\/wp-content\/uploads\/2025\/01\/ERF.jpg 360w\" sizes=\"auto, (max-width: 480px) 150px\" src=\"https:\/\/uelsen-nachhaltig.de\/wordpress\/wp-content\/uploads\/2025\/01\/ERF.jpg\" alt=\"\" class=\"uag-image-3168\" width=\"381\" height=\"241\" title=\"ERF\" loading=\"lazy\" role=\"img\"\/><\/figure><\/div>\n<\/div>\n\n\n\n<div class=\"wp-block-uagb-container uagb-block-9db09257\">\n<div class=\"wp-block-uagb-advanced-heading uagb-block-d700bd23\"><h4 class=\"uagb-heading-text\">Relevante Themen, die gew\u00f6hnlich zu kurz kommen. Lebensnah, zielorientiert, bunt. <br>Gutes im Radio, Internet, Fernsehen<br><br><a href=\"https:\/\/www.erf.de\/\">erf.de<\/a><\/h4><\/div>\n<\/div>\n<\/div><\/div>\n\n\n\n<p><\/p>\n\n\n\n<div class=\"wp-block-uagb-container uagb-block-bf1950d4 alignfull uagb-is-root-container\"><div class=\"uagb-container-inner-blocks-wrap\">\n<div class=\"wp-block-uagb-container uagb-block-b3495987\">\n<div class=\"wp-block-uagb-image uagb-block-3f50070b wp-block-uagb-image--layout-default wp-block-uagb-image--effect-static wp-block-uagb-image--align-none\"><figure class=\"wp-block-uagb-image__figure\"><img decoding=\"async\" srcset=\"https:\/\/uelsen-nachhaltig.de\/wordpress\/wp-content\/uploads\/2025\/01\/Weisses-Kreuz.jpg ,https:\/\/uelsen-nachhaltig.de\/wordpress\/wp-content\/uploads\/2025\/01\/Weisses-Kreuz.jpg 780w, https:\/\/uelsen-nachhaltig.de\/wordpress\/wp-content\/uploads\/2025\/01\/Weisses-Kreuz.jpg 360w\" sizes=\"auto, (max-width: 480px) 150px\" src=\"https:\/\/uelsen-nachhaltig.de\/wordpress\/wp-content\/uploads\/2025\/01\/Weisses-Kreuz.jpg\" alt=\"\" class=\"uag-image-3169\" width=\"382\" height=\"209\" title=\"Wei\u00dfes Kreuz\" loading=\"lazy\" role=\"img\"\/><\/figure><\/div>\n<\/div>\n\n\n\n<div class=\"wp-block-uagb-container uagb-block-8e91f8fe\">\n<div class=\"wp-block-uagb-advanced-heading uagb-block-924477d8\"><h4 class=\"uagb-heading-text\">Beratung und Begleitung in Partnerschafts- und Beziehungsfragen. Fachverband f\u00fcr Sexualethik und Seelsorge. <br><br><a href=\"https:\/\/www.weisses-kreuz.de\/\">weisses-kreuz.de<\/a><br><\/h4><\/div>\n\n\n\n<div class=\"wp-block-uagb-advanced-heading uagb-block-a6fd9009\"><h4 class=\"uagb-heading-text\"><br><\/h4><\/div>\n\n\n\n<div class=\"wp-block-uagb-advanced-heading uagb-block-273f01dc\"><h6 class=\"uagb-heading-text\">Angeschlossen an: Bildungsspender WeCanHelp gGmbH<\/h6><\/div>\n<\/div>\n<\/div><\/div>\n\n\n\n<div class=\"wp-block-uagb-advanced-heading uagb-block-b787d6ec\"><h2 class=\"uagb-heading-text\"> <\/h2><\/div>\n\n\n\n<div class=\"wp-block-uagb-advanced-heading uagb-block-cf453601\"><h2 class=\"uagb-heading-text\"> <\/h2><\/div>\n\n\n\n<div class=\"wp-block-uagb-container uagb-block-cbb106b0 alignfull uagb-is-root-container\"><div class=\"uagb-container-inner-blocks-wrap\">\n<div class=\"wp-block-uagb-container uagb-block-23f3e73e\">\n<div class=\"wp-block-uagb-image uagb-block-d07a6c64 wp-block-uagb-image--layout-default wp-block-uagb-image--effect-static wp-block-uagb-image--align-none\"><figure class=\"wp-block-uagb-image__figure\"><img decoding=\"async\" srcset=\"https:\/\/uelsen-nachhaltig.de\/wordpress\/wp-content\/uploads\/2025\/02\/Tearfund-Logo.jpg ,https:\/\/uelsen-nachhaltig.de\/wordpress\/wp-content\/uploads\/2025\/02\/Tearfund-Logo.jpg 780w, https:\/\/uelsen-nachhaltig.de\/wordpress\/wp-content\/uploads\/2025\/02\/Tearfund-Logo.jpg 360w\" sizes=\"auto, (max-width: 480px) 150px\" src=\"https:\/\/uelsen-nachhaltig.de\/wordpress\/wp-content\/uploads\/2025\/02\/Tearfund-Logo.jpg\" alt=\"\" class=\"uag-image-3286\" width=\"339\" height=\"180\" title=\"Tearfund Logo\" loading=\"lazy\" role=\"img\"\/><\/figure><\/div>\n<\/div>\n\n\n\n<div class=\"wp-block-uagb-container uagb-block-55eb1342\">\n<div class=\"wp-block-uagb-advanced-heading uagb-block-6ea85c19\"><h4 class=\"uagb-heading-text\">Hilfs\u00adorganisation f\u00fcr ein Leben ohne Armut und Ungerechtigkeit <br><br><a href=\"https:\/\/www.weisses-kreuz.de\/\">tearfund.de<\/a><\/h4><\/div>\n\n\n\n<p><a href=\"https:\/\/www.tearfund.de\/videos-klimawandel\/\">Videos zum Thema Klimawandel | Tearfund Deutschland<\/a><br><\/p>\n<\/div>\n<\/div><\/div>\n\n\n\n<div class=\"wp-block-uagb-image uagb-block-5b9e9127 wp-block-uagb-image--layout-default wp-block-uagb-image--effect-static wp-block-uagb-image--align-none\"><figure class=\"wp-block-uagb-image__figure\"><img decoding=\"async\" srcset=\"https:\/\/uelsen-nachhaltig.de\/wordpress\/wp-content\/uploads\/2025\/03\/Ressort-2-Kt-blatt-21-24-1.jpg ,https:\/\/uelsen-nachhaltig.de\/wordpress\/wp-content\/uploads\/2025\/03\/Ressort-2-Kt-blatt-21-24-1.jpg 780w, https:\/\/uelsen-nachhaltig.de\/wordpress\/wp-content\/uploads\/2025\/03\/Ressort-2-Kt-blatt-21-24-1.jpg 360w\" sizes=\"auto, (max-width: 480px) 150px\" src=\"https:\/\/uelsen-nachhaltig.de\/wordpress\/wp-content\/uploads\/2025\/03\/Ressort-2-Kt-blatt-21-24-1.jpg\" alt=\"\" class=\"uag-image-3313\" width=\"601\" height=\"709\" title=\"Ressort 2 Kt-blatt 21-24\" loading=\"lazy\" role=\"img\"\/><\/figure><\/div>\n","protected":false},"excerpt":{"rendered":"<p>Bildungs- und Aufkl\u00e4rungsarbeit # Ausgabenressort 2 # Ver\u00e4nderung zum guten nachhaltigen Leben und Lebensstil f\u00e4ngt in den K\u00f6pfen an. Sie [&hellip;]<\/p>\n","protected":false},"author":1,"featured_media":0,"parent":763,"menu_order":2,"comment_status":"open","ping_status":"closed","template":"","meta":{"_uag_custom_page_level_css":"","site-sidebar-layout":"default","site-content-layout":"","ast-site-content-layout":"","site-content-style":"default","site-sidebar-style":"default","ast-global-header-display":"","ast-banner-title-visibility":"","ast-main-header-display":"","ast-hfb-above-header-display":"","ast-hfb-below-header-display":"","ast-hfb-mobile-header-display":"","site-post-title":"disabled","ast-breadcrumbs-content":"","ast-featured-img":"disabled","footer-sml-layout":"","theme-transparent-header-meta":"","adv-header-id-meta":"","stick-header-meta":"","header-above-stick-meta":"","header-main-stick-meta":"","header-below-stick-meta":"","astra-migrate-meta-layouts":"default","ast-page-background-enabled":"default","ast-page-background-meta":{"desktop":{"background-color":"var(--ast-global-color-4)","background-image":"","background-repeat":"repeat","background-position":"center center","background-size":"auto","background-attachment":"scroll","background-type":"","background-media":"","overlay-type":"","overlay-color":"","overlay-opacity":"","overlay-gradient":""},"tablet":{"background-color":"","background-image":"","background-repeat":"repeat","background-position":"center center","background-size":"auto","background-attachment":"scroll","background-type":"","background-media":"","overlay-type":"","overlay-color":"","overlay-opacity":"","overlay-gradient":""},"mobile":{"background-color":"","background-image":"","background-repeat":"repeat","background-position":"center center","background-size":"auto","background-attachment":"scroll","background-type":"","background-media":"","overlay-type":"","overlay-color":"","overlay-opacity":"","overlay-gradient":""}},"ast-content-background-meta":{"desktop":{"background-color":"var(--ast-global-color-5)","background-image":"","background-repeat":"repeat","background-position":"center center","background-size":"auto","background-attachment":"scroll","background-type":"","background-media":"","overlay-type":"","overlay-color":"","overlay-opacity":"","overlay-gradient":""},"tablet":{"background-color":"var(--ast-global-color-5)","background-image":"","background-repeat":"repeat","background-position":"center center","background-size":"auto","background-attachment":"scroll","background-type":"","background-media":"","overlay-type":"","overlay-color":"","overlay-opacity":"","overlay-gradient":""},"mobile":{"background-color":"var(--ast-global-color-5)","background-image":"","background-repeat":"repeat","background-position":"center center","background-size":"auto","background-attachment":"scroll","background-type":"","background-media":"","overlay-type":"","overlay-color":"","overlay-opacity":"","overlay-gradient":""}},"iawp_total_views":12,"footnotes":""},"class_list":["post-3036","page","type-page","status-publish","hentry"],"uagb_featured_image_src":{"full":false,"thumbnail":false,"medium":false,"medium_large":false,"large":false,"1536x1536":false,"2048x2048":false},"uagb_author_info":{"display_name":"hermannmarkert","author_link":"https:\/\/uelsen-nachhaltig.de\/wordpress\/author\/hermannmarkert\/"},"uagb_comment_info":0,"uagb_excerpt":"Bildungs- und Aufkl\u00e4rungsarbeit # Ausgabenressort 2 # Ver\u00e4nderung zum guten nachhaltigen Leben und Lebensstil f\u00e4ngt in den K\u00f6pfen an. Sie [&hellip;]","_links":{"self":[{"href":"https:\/\/uelsen-nachhaltig.de\/wordpress\/wp-json\/wp\/v2\/pages\/3036","targetHints":{"allow":["GET"]}}],"collection":[{"href":"https:\/\/uelsen-nachhaltig.de\/wordpress\/wp-json\/wp\/v2\/pages"}],"about":[{"href":"https:\/\/uelsen-nachhaltig.de\/wordpress\/wp-json\/wp\/v2\/types\/page"}],"author":[{"embeddable":true,"href":"https:\/\/uelsen-nachhaltig.de\/wordpress\/wp-json\/wp\/v2\/users\/1"}],"replies":[{"embeddable":true,"href":"https:\/\/uelsen-nachhaltig.de\/wordpress\/wp-json\/wp\/v2\/comments?post=3036"}],"version-history":[{"count":10,"href":"https:\/\/uelsen-nachhaltig.de\/wordpress\/wp-json\/wp\/v2\/pages\/3036\/revisions"}],"predecessor-version":[{"id":3314,"href":"https:\/\/uelsen-nachhaltig.de\/wordpress\/wp-json\/wp\/v2\/pages\/3036\/revisions\/3314"}],"up":[{"embeddable":true,"href":"https:\/\/uelsen-nachhaltig.de\/wordpress\/wp-json\/wp\/v2\/pages\/763"}],"wp:attachment":[{"href":"https:\/\/uelsen-nachhaltig.de\/wordpress\/wp-json\/wp\/v2\/media?parent=3036"}],"curies":[{"name":"wp","href":"https:\/\/api.w.org\/{rel}","templated":true}]}}