{"id":272,"date":"2024-08-22T12:05:39","date_gmt":"2024-08-22T10:05:39","guid":{"rendered":"https:\/\/uelsen-nachhaltig.de\/wordpress\/?page_id=272"},"modified":"2024-10-14T10:13:37","modified_gmt":"2024-10-14T08:13:37","slug":"projekte","status":"publish","type":"page","link":"https:\/\/uelsen-nachhaltig.de\/wordpress\/projekte\/","title":{"rendered":"Projekte"},"content":{"rendered":"\n<div class=\"wp-block-uagb-container uagb-block-6304b686 alignfull uagb-is-root-container\"><div class=\"uagb-container-inner-blocks-wrap\">\n<div class=\"wp-block-uagb-advanced-heading uagb-block-623b271e\"><h2 class=\"uagb-heading-text\">Projekte bei Uelsen nachhaltig<\/h2><\/div>\n<\/div><\/div>\n\n\n\n<div class=\"wp-block-uagb-container uagb-block-9e521eb1 alignfull uagb-is-root-container\"><div class=\"uagb-container-inner-blocks-wrap\">\n<div class=\"wp-block-uagb-advanced-heading uagb-block-4ded6677\"><h2 class=\"uagb-heading-text\">Nachhaltig handeln vor Ort und das gemeinsam. Das geht ganz konkret! Mittels verschiedener Projektideen haben wir einfach losgelegt. Dies ist bisher entstanden:<\/h2><\/div>\n<\/div><\/div>\n\n\n\n<div class=\"wp-block-uagb-container uagb-block-8bf7a75a alignfull uagb-is-root-container\"><div class=\"uagb-container-inner-blocks-wrap\">\n<div class=\"wp-block-uagb-container uagb-block-8187fdbb\">\n<div class=\"wp-block-uagb-info-box uagb-block-749f73ac uagb-infobox__content-wrap  uagb-infobox-icon-above-title uagb-infobox-image-valign-top\"><div class=\"uagb-ifb-content\"><div class=\"uagb-ifb-image-content\"><img decoding=\"async\" src=\"https:\/\/uelsen-nachhaltig.de\/wordpress\/wp-content\/uploads\/2024\/09\/Clipboard_09-06-2024_01.jpg\" alt=\"\" width=\"100\" height=\"88\" loading=\"lazy\"\/><\/div><div class=\"uagb-ifb-title-wrap\"><h3 class=\"uagb-ifb-title\">Fundgrube<\/h3><\/div><p class=\"uagb-ifb-desc\"><strong>Viele guten Sachen k\u00f6nn(t)en l\u00e4nger Freude machen!<\/strong><br>Wohin mit den guten Dingen, die irgendwann gekauft und jetzt irgendwie rumliegen? Wir sammeln und verkaufen Gebrauchtes, Neuware (etwa aus Fehlk\u00e4ufen) und verwertbare Reste.<br>Alle Waren werden entweder auf Kommission verkauft oder als Spendenware angenommen und f\u00fcr den guten Zweck verkauft.<br>Der \u201aLaden\u2018 in der Alten Molkerei hat t\u00e4glich ge\u00f6ffnet:<br><strong>Montags bis Freitags 15:00 \u2013 17:00 Uhr + Mittwochs u. Samstags 10:00 \u2013 12:00 Uhr<\/strong><br>                                                 <a href=\"https:\/\/uelsen-nachhaltig.de\/wordpress\/projekte\/fundgrunbe\/\" data-type=\"page\" data-id=\"279\">Mehr<\/a><\/p><\/div><\/div>\n<a class=\"spectra-container-link-overlay\" rel=\"noopener\" href=\"https:\/\/uelsen-nachhaltig.de\/wordpress\/projekte\/fundgrunbe\/\"> <\/a><\/div>\n\n\n\n<div class=\"wp-block-uagb-container uagb-block-a9179be5\">\n<div class=\"wp-block-uagb-info-box uagb-block-ff6bb717 uagb-infobox__content-wrap  uagb-infobox_cta-type-all uagb-infobox-icon-above-title uagb-infobox-image-valign-top\"><a href=\"\" class=\"uagb-infobox-link-wrap uagb-infbox__link-to-all\" target=\"_self\" aria-label=\"Infobox Link\" rel=\"noopener noreferrer\" onclick=\"return false;\"><\/a><div class=\"uagb-ifb-content\"><div class=\"uagb-ifb-image-content\"><img decoding=\"async\" src=\"https:\/\/uelsen-nachhaltig.de\/wordpress\/wp-content\/uploads\/2024\/08\/3.2-1024x323.jpg\" alt=\"\" width=\"100\" height=\"31\" loading=\"lazy\"\/><\/div><div class=\"uagb-ifb-title-wrap\"><h3 class=\"uagb-ifb-title\">Reparatur-Caf\u00e9 Uelsen<\/h3><\/div><p class=\"uagb-ifb-desc\">Immer am letzten Freitag im Monat (15:00 &#8211; 17:00 Uhr) sind wir offen f\u00fcr defekte Ger\u00e4te, Kleinmaschinen, besch\u00e4digte Kleinm\u00f6bel oder Spielzeug. Auch Aufarbeitungen sind nach Absprache m\u00f6glich. <br>                                                                                <a href=\"https:\/\/uelsen-nachhaltig.de\/wordpress\/projekte\/reparatur-cafe-2\/\" data-type=\"page\" data-id=\"825\">Mehr<\/a><br><\/p><div class=\"uagb-ifb-button-wrapper wp-block-button\"><\/div><\/div><\/div>\n\n\n\n<div class=\"wp-block-uagb-image uagb-block-ff5b3b32 wp-block-uagb-image--layout-default wp-block-uagb-image--effect-static wp-block-uagb-image--align-none\"><figure class=\"wp-block-uagb-image__figure\"><img loading=\"lazy\" decoding=\"async\" srcset=\"https:\/\/uelsen-nachhaltig.de\/wordpress\/wp-content\/uploads\/2024\/09\/3.21-1024x1024.jpg ,https:\/\/uelsen-nachhaltig.de\/wordpress\/wp-content\/uploads\/2024\/09\/3.21-scaled.jpg 780w, https:\/\/uelsen-nachhaltig.de\/wordpress\/wp-content\/uploads\/2024\/09\/3.21-scaled.jpg 360w\" sizes=\"auto, (max-width: 480px) 150px\" src=\"https:\/\/uelsen-nachhaltig.de\/wordpress\/wp-content\/uploads\/2024\/09\/3.21-1024x1024.jpg\" alt=\"\" class=\"uag-image-1705\" width=\"1024\" height=\"1024\" title=\"3.21\" role=\"img\"\/><\/figure><\/div>\n<a class=\"spectra-container-link-overlay\" rel=\"noopener\" href=\"https:\/\/uelsen-nachhaltig.de\/wordpress\/projekte\/reparatur-cafe-2\/\"> <\/a><\/div>\n\n\n\n<div class=\"wp-block-uagb-container uagb-block-0fdbb00c\">\n<div class=\"wp-block-uagb-info-box uagb-block-5b7980cc uagb-infobox__content-wrap  uagb-infobox-icon-above-title uagb-infobox-image-valign-top\"><div class=\"uagb-ifb-content\"><div class=\"uagb-ifb-title-wrap\"><p class=\"uagb-ifb-title\">Jeder kann was, was dem anderen n\u00fctz. Und manch einer hat Freude dran. Jeder braucht mal was, was jemand anders besser kann, als man selbst. Warum nicht diese Interessen zusammenbringen. <br>Im<img loading=\"lazy\" decoding=\"async\" width=\"100\" height=\"62\" src=\"https:\/\/uelsen-nachhaltig.de\/wordpress\/wp-content\/uploads\/2024\/09\/Tauscgring_09-14-2024_01.webp\" alt=\"\"><br>k\u00f6nnen verschiedene Dienstangebote und Bed\u00fcrfnisse ausgetauscht werden.<br>&nbsp;<br>Dieser Arbeitszweig steckt allerdings (immer noch) in den Kinderschuhen. Ideen und Interessenten sind da, es bedarf nur noch verst\u00e4rkter Organisation.<br><br>\u00dcbrigens:<br>Aus-tauschen lassen sich neben F\u00e4higkeiten auch ganz gut Erfahrungen und Kenntnisse. Hierzu bietet das Forum entsprechende M\u00f6glichkeiten. Aber auch jede Begegnung kann f\u00fcr alle Seiten n\u00fctzlich sein.<\/p><\/div><div class=\"uagb-ifb-desc\">\n<p><\/p>\n<\/div><\/div><\/div>\n<a class=\"spectra-container-link-overlay\" rel=\"noopener\" href=\"https:\/\/uelsen-nachhaltig.de\/wordpress\/projekte\/tauschring\/\"> <\/a><\/div>\n<\/div><\/div>\n\n\n\n<div class=\"wp-block-uagb-container uagb-block-0883be56 alignfull uagb-is-root-container\"><div class=\"uagb-container-inner-blocks-wrap\">\n<div class=\"wp-block-uagb-container uagb-block-2ac2c295 alignfull uagb-is-root-container\"><div class=\"uagb-container-inner-blocks-wrap\">\n<div class=\"wp-block-uagb-advanced-heading uagb-block-10aa3d09\"><p class=\"uagb-heading-text\">\u00c4hnlich wie beim Tauschring geht es uns mit der Verleihstation. Hier liegen etwa 40 Sachen bereit, die auf Zeit genutzt werden k\u00f6nn(t)en.<br>Es fehlt allerdings an Betreuungs-Kapazit\u00e4t. <\/p><\/div>\n\n\n\n<div class=\"wp-block-uagb-image uagb-block-84b1b1ae wp-block-uagb-image--layout-default wp-block-uagb-image--effect-static wp-block-uagb-image--align-none\"><figure class=\"wp-block-uagb-image__figure\"><img decoding=\"async\" srcset=\"https:\/\/uelsen-nachhaltig.de\/wordpress\/wp-content\/uploads\/2024\/09\/Leihbar_09-14-2024_01.webp ,https:\/\/uelsen-nachhaltig.de\/wordpress\/wp-content\/uploads\/2024\/09\/Leihbar_09-14-2024_01.webp 780w, https:\/\/uelsen-nachhaltig.de\/wordpress\/wp-content\/uploads\/2024\/09\/Leihbar_09-14-2024_01.webp 360w\" sizes=\"auto, (max-width: 480px) 150px\" src=\"https:\/\/uelsen-nachhaltig.de\/wordpress\/wp-content\/uploads\/2024\/09\/Leihbar_09-14-2024_01.webp\" alt=\"\" class=\"uag-image-1586\" width=\"284\" height=\"203\" title=\"Leihbar_09-14-2024_01\" loading=\"lazy\" role=\"img\"\/><\/figure><\/div>\n\n\n\n<div class=\"wp-block-uagb-advanced-heading uagb-block-b39df738\"><p class=\"uagb-heading-text\"><br>Als Anlaufstelle dient auch hierf\u00fcr die Wirkst\u00e4tte in der \u201aAlten Molkerei\u2018. Geplant ist jedoch, alle Teile online zu pr\u00e4sentieren, so werden sie leichter gefunden. Wer kann helfen?<\/p><\/div>\n<\/div><\/div>\n\n\n\n<div class=\"wp-block-uagb-container uagb-block-24d38830 alignfull uagb-is-root-container\"><div class=\"uagb-container-inner-blocks-wrap\">\n<div class=\"wp-block-uagb-advanced-heading uagb-block-d7c530f0\"><p class=\"uagb-heading-text\">Wenn wir uns fragen, was alles nachhaltig gut ist, kommen wir wahrscheinlich auch auf einen weiteren Bereich, in dem es in vieler Leben so oft mangelt. Die Rede ist von Bewegung. Aber auch Entspannung will gelernt sein.<\/p><\/div>\n\n\n\n<div class=\"wp-block-uagb-image uagb-block-aff0d3e0 wp-block-uagb-image--layout-default wp-block-uagb-image--effect-static wp-block-uagb-image--align-none\"><figure class=\"wp-block-uagb-image__figure\"><img decoding=\"async\" srcset=\"https:\/\/uelsen-nachhaltig.de\/wordpress\/wp-content\/uploads\/2024\/09\/Put-Fit_09-14-2024_01.webp ,https:\/\/uelsen-nachhaltig.de\/wordpress\/wp-content\/uploads\/2024\/09\/Put-Fit_09-14-2024_01.webp 780w, https:\/\/uelsen-nachhaltig.de\/wordpress\/wp-content\/uploads\/2024\/09\/Put-Fit_09-14-2024_01.webp 360w\" sizes=\"auto, (max-width: 480px) 150px\" src=\"https:\/\/uelsen-nachhaltig.de\/wordpress\/wp-content\/uploads\/2024\/09\/Put-Fit_09-14-2024_01.webp\" alt=\"\" class=\"uag-image-1598\" width=\"284\" height=\"203\" title=\"Put Fit_09-14-2024_01\" loading=\"lazy\" role=\"img\"\/><\/figure><\/div>\n\n\n\n<div class=\"wp-block-uagb-advanced-heading uagb-block-c5acf88e\"><p class=\"uagb-heading-text\"> Gemeinsam geht wie so vieles besser. Darum streben wir solches auch im AHA Connect Caf\u00e9  an. [Noch in &#8217;spe&#8216;]<\/p><\/div>\n<\/div><\/div>\n\n\n\n<div class=\"wp-block-uagb-container uagb-block-b6d0356e alignfull uagb-is-root-container\"><div class=\"uagb-container-inner-blocks-wrap\">\n<div class=\"wp-block-uagb-advanced-heading uagb-block-32129fba\"><p class=\"uagb-heading-text\">In der Fundgrube gibt es nat\u00fcrlich auch B\u00fccher und andere Medientr\u00e4ger. Wir w\u00fcnschen uns, die Nutzung \u00e4hnlich wie in einer ansprechenden Bibliothek angenehmer zu machen. Hierf\u00fcr soll an verschiedenen Stellen ein<\/p><\/div>\n\n\n\n<div class=\"wp-block-uagb-image uagb-block-172764c9 wp-block-uagb-image--layout-default wp-block-uagb-image--effect-static wp-block-uagb-image--align-none\"><figure class=\"wp-block-uagb-image__figure\"><img decoding=\"async\" srcset=\"https:\/\/uelsen-nachhaltig.de\/wordpress\/wp-content\/uploads\/2024\/09\/Leseplan-09-14-2024_01-1.webp ,https:\/\/uelsen-nachhaltig.de\/wordpress\/wp-content\/uploads\/2024\/09\/Leseplan-09-14-2024_01-1.webp 780w, https:\/\/uelsen-nachhaltig.de\/wordpress\/wp-content\/uploads\/2024\/09\/Leseplan-09-14-2024_01-1.webp 360w\" sizes=\"auto, (max-width: 480px) 150px\" src=\"https:\/\/uelsen-nachhaltig.de\/wordpress\/wp-content\/uploads\/2024\/09\/Leseplan-09-14-2024_01-1.webp\" alt=\"\" class=\"uag-image-1606\" width=\"284\" height=\"203\" title=\"Leseplan 09-14-2024_01\" loading=\"lazy\" role=\"img\"\/><\/figure><\/div>\n\n\n\n<div class=\"wp-block-uagb-advanced-heading uagb-block-d96fd3ad\"><p class=\"uagb-heading-text\">eingerichtet werden. Anf\u00e4nge sind gemacht.<br>Interessant?<br>Reden wir dr\u00fcber. <\/p><\/div>\n<\/div><\/div>\n<\/div><\/div>\n\n\n\n<div class=\"wp-block-uagb-container uagb-block-d091c7da alignfull uagb-is-root-container\"><div class=\"uagb-container-inner-blocks-wrap\">\n<div class=\"wp-block-uagb-container uagb-block-e411f11c alignfull uagb-is-root-container\"><div class=\"uagb-container-inner-blocks-wrap\">\n<div class=\"wp-block-uagb-advanced-heading uagb-block-fcaccf48\"><h2 class=\"uagb-heading-text\">FAZIT!<\/h2><\/div>\n\n\n\n<div class=\"wp-block-uagb-advanced-heading uagb-block-5ce98e12\"><p class=\"uagb-desc-text\">Gemeinn\u00fctziger Einsatz bringt was! Es lohnt sich, f\u00fcr andere und f\u00fcr mich!<\/p><\/div>\n\n\n\n<div class=\"wp-block-uagb-image uagb-block-36ea2a28 wp-block-uagb-image--layout-default wp-block-uagb-image--effect-static wp-block-uagb-image--align-none\"><figure class=\"wp-block-uagb-image__figure\"><img decoding=\"async\" srcset=\"https:\/\/uelsen-nachhaltig.de\/wordpress\/wp-content\/uploads\/2024\/09\/fazit_09-14-2024_01.webp ,https:\/\/uelsen-nachhaltig.de\/wordpress\/wp-content\/uploads\/2024\/09\/fazit_09-14-2024_01.webp 780w, https:\/\/uelsen-nachhaltig.de\/wordpress\/wp-content\/uploads\/2024\/09\/fazit_09-14-2024_01.webp 360w\" sizes=\"auto, (max-width: 480px) 150px\" src=\"https:\/\/uelsen-nachhaltig.de\/wordpress\/wp-content\/uploads\/2024\/09\/fazit_09-14-2024_01.webp\" alt=\"\" class=\"uag-image-1620\" width=\"284\" height=\"203\" title=\"fazit_09-14-2024_01\" loading=\"lazy\" role=\"img\"\/><\/figure><\/div>\n\n\n\n<div class=\"wp-block-uagb-advanced-heading uagb-block-8db30b2f\"><p class=\"uagb-desc-text\">Selbst kleine Eins\u00e4tze k\u00f6nnen nachhaltige Wirkung haben. Ein wenig l\u00e4sst sich sogar in Zahlen ausdr\u00fccken &#8230;<br><\/p><\/div>\n<\/div><a class=\"spectra-container-link-overlay\" rel=\"noopener\" href=\"https:\/\/uelsen-nachhaltig.de\/wordpress\/projekte\/fazit-2\/\"> <\/a><\/div>\n\n\n\n<div class=\"wp-block-uagb-container uagb-block-fc52ef66 alignfull uagb-is-root-container\"><div class=\"uagb-container-inner-blocks-wrap\"><\/div><a class=\"spectra-container-link-overlay\" rel=\"noopener\" href=\"https:\/\/uelsen-nachhaltig.de\/wordpress\/projekte\/fazit-2\/\"> <\/a><\/div>\n\n\n\n<div class=\"wp-block-uagb-container uagb-block-33c83765 alignfull uagb-is-root-container\"><div class=\"uagb-container-inner-blocks-wrap\"><\/div><a class=\"spectra-container-link-overlay\" rel=\"noopener\" href=\"https:\/\/uelsen-nachhaltig.de\/wordpress\/projekte\/fazit-2\/\"> <\/a><\/div>\n<\/div><\/div>\n\n\n\n<p><\/p>\n","protected":false},"excerpt":{"rendered":"<p>Projekte bei Uelsen nachhaltig Nachhaltig handeln vor Ort und das gemeinsam. Das geht ganz konkret! Mittels verschiedener Projektideen haben wir [&hellip;]<\/p>\n","protected":false},"author":1,"featured_media":0,"parent":0,"menu_order":7,"comment_status":"closed","ping_status":"closed","template":"","meta":{"_uag_custom_page_level_css":"","site-sidebar-layout":"default","site-content-layout":"","ast-site-content-layout":"","site-content-style":"default","site-sidebar-style":"default","ast-global-header-display":"","ast-banner-title-visibility":"","ast-main-header-display":"","ast-hfb-above-header-display":"","ast-hfb-below-header-display":"","ast-hfb-mobile-header-display":"","site-post-title":"disabled","ast-breadcrumbs-content":"","ast-featured-img":"","footer-sml-layout":"","theme-transparent-header-meta":"","adv-header-id-meta":"","stick-header-meta":"","header-above-stick-meta":"","header-main-stick-meta":"","header-below-stick-meta":"","astra-migrate-meta-layouts":"default","ast-page-background-enabled":"default","ast-page-background-meta":{"desktop":{"background-color":"var(--ast-global-color-4)","background-image":"","background-repeat":"repeat","background-position":"center center","background-size":"auto","background-attachment":"scroll","background-type":"","background-media":"","overlay-type":"","overlay-color":"","overlay-opacity":"","overlay-gradient":""},"tablet":{"background-color":"","background-image":"","background-repeat":"repeat","background-position":"center center","background-size":"auto","background-attachment":"scroll","background-type":"","background-media":"","overlay-type":"","overlay-color":"","overlay-opacity":"","overlay-gradient":""},"mobile":{"background-color":"","background-image":"","background-repeat":"repeat","background-position":"center center","background-size":"auto","background-attachment":"scroll","background-type":"","background-media":"","overlay-type":"","overlay-color":"","overlay-opacity":"","overlay-gradient":""}},"ast-content-background-meta":{"desktop":{"background-color":"var(--ast-global-color-5)","background-image":"","background-repeat":"repeat","background-position":"center center","background-size":"auto","background-attachment":"scroll","background-type":"","background-media":"","overlay-type":"","overlay-color":"","overlay-opacity":"","overlay-gradient":""},"tablet":{"background-color":"var(--ast-global-color-5)","background-image":"","background-repeat":"repeat","background-position":"center center","background-size":"auto","background-attachment":"scroll","background-type":"","background-media":"","overlay-type":"","overlay-color":"","overlay-opacity":"","overlay-gradient":""},"mobile":{"background-color":"var(--ast-global-color-5)","background-image":"","background-repeat":"repeat","background-position":"center center","background-size":"auto","background-attachment":"scroll","background-type":"","background-media":"","overlay-type":"","overlay-color":"","overlay-opacity":"","overlay-gradient":""}},"iawp_total_views":120,"footnotes":""},"class_list":["post-272","page","type-page","status-publish","hentry"],"uagb_featured_image_src":{"full":false,"thumbnail":false,"medium":false,"medium_large":false,"large":false,"1536x1536":false,"2048x2048":false},"uagb_author_info":{"display_name":"hermannmarkert","author_link":"https:\/\/uelsen-nachhaltig.de\/wordpress\/author\/hermannmarkert\/"},"uagb_comment_info":0,"uagb_excerpt":"Projekte bei Uelsen nachhaltig Nachhaltig handeln vor Ort und das gemeinsam. Das geht ganz konkret! Mittels verschiedener Projektideen haben wir [&hellip;]","_links":{"self":[{"href":"https:\/\/uelsen-nachhaltig.de\/wordpress\/wp-json\/wp\/v2\/pages\/272","targetHints":{"allow":["GET"]}}],"collection":[{"href":"https:\/\/uelsen-nachhaltig.de\/wordpress\/wp-json\/wp\/v2\/pages"}],"about":[{"href":"https:\/\/uelsen-nachhaltig.de\/wordpress\/wp-json\/wp\/v2\/types\/page"}],"author":[{"embeddable":true,"href":"https:\/\/uelsen-nachhaltig.de\/wordpress\/wp-json\/wp\/v2\/users\/1"}],"replies":[{"embeddable":true,"href":"https:\/\/uelsen-nachhaltig.de\/wordpress\/wp-json\/wp\/v2\/comments?post=272"}],"version-history":[{"count":9,"href":"https:\/\/uelsen-nachhaltig.de\/wordpress\/wp-json\/wp\/v2\/pages\/272\/revisions"}],"predecessor-version":[{"id":2754,"href":"https:\/\/uelsen-nachhaltig.de\/wordpress\/wp-json\/wp\/v2\/pages\/272\/revisions\/2754"}],"wp:attachment":[{"href":"https:\/\/uelsen-nachhaltig.de\/wordpress\/wp-json\/wp\/v2\/media?parent=272"}],"curies":[{"name":"wp","href":"https:\/\/api.w.org\/{rel}","templated":true}]}}